{"id":1183,"date":"2020-05-13T23:42:21","date_gmt":"2020-05-13T23:42:21","guid":{"rendered":"https:\/\/artexas1.wpenginepowered.com\/sala-de-prensa-art\/"},"modified":"2023-09-07T20:14:24","modified_gmt":"2023-09-07T20:14:24","slug":"noticias-de-art","status":"publish","type":"page","link":"https:\/\/artexas.org\/es\/noticias-de-art\/","title":{"rendered":"\u00daltima noticia de ART"},"content":{"rendered":"<div class=\"wpb-content-wrapper\" id=\"wpb-content-root\">[vc_row full_width=\u00bbstretch_row\u00bb css=\u00bb.vc_custom_1589414002578{padding-top: 4rem !important;padding-bottom: 4rem !important;background-color: #ececed !important;}\u00bb][vc_column]<section class=\"site-posts-grid\" data-lang=\"es\">\n            <div class=\"e-posts\">\n            <div class=\"row e-posts-row\">\n                                    <div class=\"col-12 e-posts-col\">\n                        <article class=\"site-post-card-featured\">\n    <a target=\"_self\" class=\"e-anchor\" href=\"https:\/\/artexas.org\/es\/orden-y-fuerza-en-la-frontera-entre-texas-y-mexico\/\">\n                    <figure class=\"e-image\">\n                                    <img class=\"iron-lazy o-fade\" width=\"2048\" height=\"1365\" data-src=\"https:\/\/artexas.org\/wp-content\/uploads\/2023\/07\/media-1.jpg\" alt=\"\" \/>\n                            <\/figure>\n                <div class=\"e-content\">\n            <div class=\"e-content-inner\">\n                <h4 class=\"e-title\">\n                    Orden y fuerza en la frontera entre Texas y M\u00e9xico\n                <\/h4>\n                <p class=\"e-excerpt\">\n                    Mientras los legisladores de Texas siguen introduciendo mejoras en los proyectos de ley propuestos en una sesi\u00f3n legislativa especial, el gobernador Greg Abbott ha estado firmando leyes fundamentales para mejorar las pol\u00edticas fronterizas de nuestro estado.\n                <\/p>\n                <span class=\"btn btn-primary\">\n                    \t\t\t\t\t\tSiga Leyendo\n\t\t\t\t\t                <\/span>\n            <\/div>\n        <\/div>\n    <\/a>\n<\/article>                    <\/div>\n                                                                    <div class=\"col-sm-6 e-posts-col\">\n                        <article class=\"site-post-card\">\n    <a target=\"_self\" class=\"e-anchor\" href=\"https:\/\/artexas.org\/es\/texas-pasa-a-la-accion\/\">\n\t\t<figure class=\"e-image\">\n\t\t\t\t\t\t\t<img class=\"iron-lazy o-fade\" width=\"2048\" height=\"1336\" data-src=\"https:\/\/artexas.org\/wp-content\/uploads\/2023\/07\/media.jpg\" alt=\"\" \/>\n\t\t\t\t\t<\/figure>\n        <div class=\"e-content\">\n            <div class=\"e-content-inner\">\n                <h5 class=\"e-title\">\n                    Texas pasa a la acci\u00f3n\n                <\/h5>\n\t\t\t\t                                <p class=\"e-excerpt mt-1\">\n                    En respuesta a la hist\u00f3rica afluencia de inmigrantes ilegales en la frontera entre Texas y M\u00e9xico y a la incapacidad de la Administraci\u00f3n Biden para abordar el problema con eficacia, la Legislatura de Texas ha dado un paso decisivo para proteger nuestro estado.\n                <\/p>\n                <span class=\"e-link\">\n\t\t\t\t\t\t\t\t\t\t\tSiga Leyendo\n\t\t\t\t\t                    \n\t\t\t\t\t<i class=\"fas fa-chevron-right\"><\/i>\n                <\/span>\n            <\/div>\n        <\/div>\n    <\/a>\n<\/article>                    <\/div>\n                                    <div class=\"col-sm-6 e-posts-col\">\n                        <article class=\"site-post-card\">\n    <a target=\"_self\" class=\"e-anchor\" href=\"https:\/\/artexas.org\/es\/resumen-de-la-88a-sesion-legislativa-de-texas\/\">\n\t\t<figure class=\"e-image\">\n\t\t\t\t\t\t\t<img class=\"iron-lazy o-fade\" width=\"1500\" height=\"1000\" data-src=\"https:\/\/artexas.org\/wp-content\/uploads\/2023\/07\/Texas-Capitol-Building-2.jpeg\" alt=\"\" \/>\n\t\t\t\t\t<\/figure>\n        <div class=\"e-content\">\n            <div class=\"e-content-inner\">\n                <h5 class=\"e-title\">\n                    Resumen de la 88\u00aa Sesi\u00f3n Legislativa de Texas\n                <\/h5>\n\t\t\t\t                                <p class=\"e-excerpt mt-1\">\n                    La 88\u00aa Sesi\u00f3n Legislativa de Texas ha concluido.\n                <\/p>\n                <span class=\"e-link\">\n\t\t\t\t\t\t\t\t\t\t\tSiga Leyendo\n\t\t\t\t\t                    \n\t\t\t\t\t<i class=\"fas fa-chevron-right\"><\/i>\n                <\/span>\n            <\/div>\n        <\/div>\n    <\/a>\n<\/article>                    <\/div>\n                                    <div class=\"col-sm-6 e-posts-col\">\n                        <article class=\"site-post-card\">\n    <a target=\"_self\" class=\"e-anchor\" href=\"https:\/\/artexas.org\/es\/reconocimiento-del-sacrificio-en-texas\/\">\n\t\t<figure class=\"e-image\">\n\t\t\t\t\t\t\t<img class=\"iron-lazy o-fade\" width=\"1000\" height=\"667\" data-src=\"https:\/\/artexas.org\/wp-content\/uploads\/2023\/06\/photo-1511989130945-c2b632959395.jpg\" alt=\"\" \/>\n\t\t\t\t\t<\/figure>\n        <div class=\"e-content\">\n            <div class=\"e-content-inner\">\n                <h5 class=\"e-title\">\n                    Reconocimiento del sacrificio en Texas\n                <\/h5>\n\t\t\t\t                                <p class=\"e-excerpt mt-1\">\n                    La Ley 90 de la C\u00e1mara de Representantes, tambi\u00e9n conocida como Ley Bishop Evans, ha sido aprobada con \u00e9xito tanto en la C\u00e1mara de Representantes como en el Senado.\n                <\/p>\n                <span class=\"e-link\">\n\t\t\t\t\t\t\t\t\t\t\tSiga Leyendo\n\t\t\t\t\t                    \n\t\t\t\t\t<i class=\"fas fa-chevron-right\"><\/i>\n                <\/span>\n            <\/div>\n        <\/div>\n    <\/a>\n<\/article>                    <\/div>\n                                    <div class=\"col-sm-6 e-posts-col\">\n                        <article class=\"site-post-card\">\n    <a target=\"_self\" class=\"e-anchor\" href=\"https:\/\/artexas.org\/es\/paso-critico-en-la-lucha-contra-el-fentanilo\/\">\n\t\t<figure class=\"e-image\">\n\t\t\t\t\t\t\t<img class=\"iron-lazy o-fade\" width=\"1600\" height=\"979\" data-src=\"https:\/\/artexas.org\/wp-content\/uploads\/2023\/06\/pasted-image-0.jpg\" alt=\"\" \/>\n\t\t\t\t\t<\/figure>\n        <div class=\"e-content\">\n            <div class=\"e-content-inner\">\n                <h5 class=\"e-title\">\n                    Paso cr\u00edtico en la lucha contra el fentanilo\n                <\/h5>\n\t\t\t\t                                <p class=\"e-excerpt mt-1\">\n                    El proyecto de ley 6 de la C\u00e1mara de Representantes, presentado por Craig Goldman, est\u00e1 ganando terreno a medida que los republicanos de la C\u00e1mara de Representantes de Texas adoptan una postura unificada contra la proliferaci\u00f3n de muertes por sobredosis de opi\u00e1ceos.\n                <\/p>\n                <span class=\"e-link\">\n\t\t\t\t\t\t\t\t\t\t\tSiga Leyendo\n\t\t\t\t\t                    \n\t\t\t\t\t<i class=\"fas fa-chevron-right\"><\/i>\n                <\/span>\n            <\/div>\n        <\/div>\n    <\/a>\n<\/article>                    <\/div>\n                                    <div class=\"col-sm-6 e-posts-col\">\n                        <article class=\"site-post-card\">\n    <a target=\"_self\" class=\"e-anchor\" href=\"https:\/\/artexas.org\/es\/la-camara-de-representantes-de-texas-aprueba-proyectos-de-ley-para-proteger-la-frontera-sur\/\">\n\t\t<figure class=\"e-image\">\n\t\t\t\t\t\t\t<img class=\"iron-lazy o-fade\" width=\"850\" height=\"478\" data-src=\"https:\/\/artexas.org\/wp-content\/uploads\/2023\/06\/pasted-image-0-4.jpg\" alt=\"\" \/>\n\t\t\t\t\t<\/figure>\n        <div class=\"e-content\">\n            <div class=\"e-content-inner\">\n                <h5 class=\"e-title\">\n                    La C\u00e1mara de Representantes de Texas aprueba proyectos de ley para proteger la frontera sur\n                <\/h5>\n\t\t\t\t                                <p class=\"e-excerpt mt-1\">\n                    La C\u00e1mara de Representantes de Texas aprob\u00f3 recientemente dos proyectos de ley cruciales destinados a proporcionar recursos para asegurar la frontera sur.\n                <\/p>\n                <span class=\"e-link\">\n\t\t\t\t\t\t\t\t\t\t\tSiga Leyendo\n\t\t\t\t\t                    \n\t\t\t\t\t<i class=\"fas fa-chevron-right\"><\/i>\n                <\/span>\n            <\/div>\n        <\/div>\n    <\/a>\n<\/article>                    <\/div>\n                                    <div class=\"col-sm-6 e-posts-col\">\n                        <article class=\"site-post-card\">\n    <a target=\"_self\" class=\"e-anchor\" href=\"https:\/\/artexas.org\/es\/un-impulso-a-la-competitividad-economica-de-texas\/\">\n\t\t<figure class=\"e-image\">\n\t\t\t\t\t\t\t<img class=\"iron-lazy o-fade\" width=\"1365\" height=\"768\" data-src=\"https:\/\/artexas.org\/wp-content\/uploads\/2023\/06\/pasted-image-0-3-1.jpg\" alt=\"\" \/>\n\t\t\t\t\t<\/figure>\n        <div class=\"e-content\">\n            <div class=\"e-content-inner\">\n                <h5 class=\"e-title\">\n                    Un impulso a la competitividad econ\u00f3mica de Texas\n                <\/h5>\n\t\t\t\t                                <p class=\"e-excerpt mt-1\">\n                    La semana pasada, la C\u00e1mara de Representantes de Texas, dirigida por los republicanos, aprob\u00f3 el proyecto de ley 5. Este programa pretende establecer un plan estatal de desarrollo econ\u00f3mico para mantener la competitividad de Texas en el mercado mundial.\n                <\/p>\n                <span class=\"e-link\">\n\t\t\t\t\t\t\t\t\t\t\tSiga Leyendo\n\t\t\t\t\t                    \n\t\t\t\t\t<i class=\"fas fa-chevron-right\"><\/i>\n                <\/span>\n            <\/div>\n        <\/div>\n    <\/a>\n<\/article>                    <\/div>\n                                            <\/div>\n                            <div class=\"text-center mt-2\">\n                    <a class=\"btn btn-primary site-posts-grid-load-more\" data-args='{\"post_type\":\"post\",\"posts_per_page\":6,\"post_status\":\"publish\",\"post__not_in\":[1692],\"paged\":1,\"suppress_filters\":false}' href=\"#\">\n\t\t\t\t\t\t\t\t\t\t\t\t\tCarga M\u00e1s\n\t\t\t\t\t\t\t\t\t\t\t<\/a>\n                <\/div>\n                    <\/div>\n    <\/section>[\/vc_column][\/vc_row]\n<\/div>","protected":false},"excerpt":{"rendered":"<p>[vc_row full_width=\u00bbstretch_row\u00bb css=\u00bb.vc_custom_1589414002578{padding-top: 4rem !important;padding-bottom: 4rem !important;background-color: #ececed !important;}\u00bb][vc_column][\/vc_column][\/vc_row]<\/p>\n","protected":false},"author":1,"featured_media":0,"parent":0,"menu_order":0,"comment_status":"closed","ping_status":"closed","template":"","meta":{"_acf_changed":false,"om_disable_all_campaigns":false,"_monsterinsights_skip_tracking":false,"_uf_show_specific_survey":0,"_uf_disable_surveys":false,"footnotes":"","_links_to":"","_links_to_target":""},"class_list":["post-1183","page","type-page","status-publish","hentry"],"acf":[],"aioseo_notices":[],"aioseo_head":"\n\t\t<!-- All in One SEO 5.0.1.1 - aioseo.com -->\n\t<meta name=\"robots\" content=\"max-image-preview:large\" \/>\n\t<link rel=\"canonical\" href=\"https:\/\/artexas.org\/es\/un-impulso-a-la-competitividad-economica-de-texas\/\" \/>\n\t<meta name=\"generator\" content=\"All in One SEO (AIOSEO) 5.0.1.1\" \/>\n\t\t<meta property=\"og:locale\" content=\"es_ES\" \/>\n\t\t<meta property=\"og:site_name\" content=\"Associated Republicans of Texas\" \/>\n\t\t<meta property=\"og:type\" content=\"article\" \/>\n\t\t<meta property=\"og:title\" content=\"Un impulso a la competitividad econ\u00f3mica de Texas | Associated Republicans of Texas\" \/>\n\t\t<meta property=\"og:url\" content=\"https:\/\/artexas.org\/es\/un-impulso-a-la-competitividad-economica-de-texas\/\" \/>\n\t\t<meta property=\"og:image\" content=\"https:\/\/artexas.org\/wp-content\/uploads\/2023\/05\/art.jpg\" \/>\n\t\t<meta property=\"og:image:secure_url\" content=\"https:\/\/artexas.org\/wp-content\/uploads\/2023\/05\/art.jpg\" \/>\n\t\t<meta property=\"og:image:width\" content=\"1200\" \/>\n\t\t<meta property=\"og:image:height\" content=\"675\" \/>\n\t\t<meta property=\"article:published_time\" content=\"2023-06-27T17:46:56+00:00\" \/>\n\t\t<meta property=\"article:modified_time\" content=\"2023-06-30T21:00:14+00:00\" \/>\n\t\t<meta property=\"article:publisher\" content=\"https:\/\/www.facebook.com\/ARTexas\" \/>\n\t\t<meta name=\"twitter:card\" content=\"summary\" \/>\n\t\t<meta name=\"twitter:site\" content=\"@ARTxPAC\" \/>\n\t\t<meta name=\"twitter:title\" content=\"Un impulso a la competitividad econ\u00f3mica de Texas | Associated Republicans of Texas\" \/>\n\t\t<meta name=\"twitter:creator\" content=\"@ARTxPAC\" \/>\n\t\t<meta name=\"twitter:image\" content=\"https:\/\/artexas.org\/wp-content\/uploads\/2023\/05\/art.jpg\" \/>\n\t\t<script type=\"application\/ld+json\" class=\"aioseo-schema\">\n\t\t\t{\"@context\":\"https:\\\/\\\/schema.org\",\"@graph\":[{\"@type\":\"Article\",\"@id\":\"https:\\\/\\\/artexas.org\\\/es\\\/un-impulso-a-la-competitividad-economica-de-texas\\\/#article\",\"name\":\"Un impulso a la competitividad econ\\u00f3mica de Texas | Associated Republicans of Texas\",\"headline\":\"Un impulso a la competitividad econ\\u00f3mica de Texas\",\"author\":{\"@id\":\"https:\\\/\\\/artexas.org\\\/es\\\/author\\\/graceconvergence\\\/#author\"},\"publisher\":{\"@id\":\"https:\\\/\\\/artexas.org\\\/es\\\/#organization\"},\"image\":{\"@type\":\"ImageObject\",\"url\":\"https:\\\/\\\/artexas.org\\\/wp-content\\\/uploads\\\/2023\\\/06\\\/pasted-image-0-3-1.jpg\",\"width\":1365,\"height\":768},\"datePublished\":\"2023-06-27T17:46:56+00:00\",\"dateModified\":\"2023-06-30T21:00:14+00:00\",\"inLanguage\":\"es-ES\",\"mainEntityOfPage\":{\"@id\":\"https:\\\/\\\/artexas.org\\\/es\\\/un-impulso-a-la-competitividad-economica-de-texas\\\/#webpage\"},\"isPartOf\":{\"@id\":\"https:\\\/\\\/artexas.org\\\/es\\\/un-impulso-a-la-competitividad-economica-de-texas\\\/#webpage\"},\"articleSection\":\"Sin categorizar, Opcional\"},{\"@type\":\"BreadcrumbList\",\"@id\":\"https:\\\/\\\/artexas.org\\\/es\\\/un-impulso-a-la-competitividad-economica-de-texas\\\/#breadcrumblist\",\"itemListElement\":[{\"@type\":\"ListItem\",\"@id\":\"https:\\\/\\\/artexas.org\\\/es\\\/#listItem\",\"position\":1,\"name\":\"Home\",\"item\":\"https:\\\/\\\/artexas.org\\\/es\\\/\",\"nextItem\":{\"@type\":\"ListItem\",\"@id\":\"https:\\\/\\\/artexas.org\\\/es\\\/noticias-de-art\\\/#listItem\",\"name\":\"\\u00daltima noticia de ART\"}},{\"@type\":\"ListItem\",\"@id\":\"https:\\\/\\\/artexas.org\\\/es\\\/noticias-de-art\\\/#listItem\",\"position\":2,\"name\":\"\\u00daltima noticia de ART\",\"previousItem\":{\"@type\":\"ListItem\",\"@id\":\"https:\\\/\\\/artexas.org\\\/es\\\/#listItem\",\"name\":\"Home\"}}]},{\"@type\":\"Organization\",\"@id\":\"https:\\\/\\\/artexas.org\\\/es\\\/#organization\",\"name\":\"Associated Republicans of Texas\",\"url\":\"https:\\\/\\\/artexas.org\\\/es\\\/\",\"logo\":{\"@type\":\"ImageObject\",\"url\":\"https:\\\/\\\/artexas.org\\\/wp-content\\\/uploads\\\/2023\\\/03\\\/cropped-2019-ART-Logo-Horizontal-e1679516739835.png\",\"@id\":\"https:\\\/\\\/artexas.org\\\/es\\\/un-impulso-a-la-competitividad-economica-de-texas\\\/#organizationLogo\",\"width\":109,\"height\":109},\"image\":{\"@id\":\"https:\\\/\\\/artexas.org\\\/es\\\/un-impulso-a-la-competitividad-economica-de-texas\\\/#organizationLogo\"},\"sameAs\":[\"https:\\\/\\\/www.facebook.com\\\/ARTexas\",\"https:\\\/\\\/twitter.com\\\/ARTxPAC\"]},{\"@type\":\"Person\",\"@id\":\"https:\\\/\\\/artexas.org\\\/es\\\/author\\\/graceconvergence\\\/#author\",\"url\":\"https:\\\/\\\/artexas.org\\\/es\\\/author\\\/graceconvergence\\\/\",\"name\":\"Grace\"},{\"@type\":\"WebPage\",\"@id\":\"https:\\\/\\\/artexas.org\\\/es\\\/un-impulso-a-la-competitividad-economica-de-texas\\\/#webpage\",\"url\":\"https:\\\/\\\/artexas.org\\\/es\\\/un-impulso-a-la-competitividad-economica-de-texas\\\/\",\"name\":\"Un impulso a la competitividad econ\\u00f3mica de Texas | Associated Republicans of Texas\",\"inLanguage\":\"es-ES\",\"isPartOf\":{\"@id\":\"https:\\\/\\\/artexas.org\\\/es\\\/#website\"},\"breadcrumb\":{\"@id\":\"https:\\\/\\\/artexas.org\\\/es\\\/un-impulso-a-la-competitividad-economica-de-texas\\\/#breadcrumblist\"},\"author\":{\"@id\":\"https:\\\/\\\/artexas.org\\\/es\\\/author\\\/graceconvergence\\\/#author\"},\"creator\":{\"@id\":\"https:\\\/\\\/artexas.org\\\/es\\\/author\\\/graceconvergence\\\/#author\"},\"image\":{\"@type\":\"ImageObject\",\"url\":\"https:\\\/\\\/artexas.org\\\/wp-content\\\/uploads\\\/2023\\\/06\\\/pasted-image-0-3-1.jpg\",\"@id\":\"https:\\\/\\\/artexas.org\\\/es\\\/un-impulso-a-la-competitividad-economica-de-texas\\\/#mainImage\",\"width\":1365,\"height\":768},\"primaryImageOfPage\":{\"@id\":\"https:\\\/\\\/artexas.org\\\/es\\\/un-impulso-a-la-competitividad-economica-de-texas\\\/#mainImage\"},\"datePublished\":\"2023-06-27T17:46:56+00:00\",\"dateModified\":\"2023-06-30T21:00:14+00:00\"},{\"@type\":\"WebSite\",\"@id\":\"https:\\\/\\\/artexas.org\\\/es\\\/#website\",\"url\":\"https:\\\/\\\/artexas.org\\\/es\\\/\",\"name\":\"Associated Republicans of Texas\",\"inLanguage\":\"es-ES\",\"publisher\":{\"@id\":\"https:\\\/\\\/artexas.org\\\/es\\\/#organization\"}}]}\n\t\t<\/script>\n\t\t<!-- All in One SEO -->\n\n","aioseo_head_json":{"title":"Un impulso a la competitividad econ\u00f3mica de Texas | Associated Republicans of Texas","description":"","canonical_url":"https:\/\/artexas.org\/es\/un-impulso-a-la-competitividad-economica-de-texas\/","robots":"max-image-preview:large","keywords":"","webmasterTools":{"miscellaneous":""},"schema":{"@context":"https:\/\/schema.org","@graph":[{"@type":"Article","@id":"https:\/\/artexas.org\/es\/un-impulso-a-la-competitividad-economica-de-texas\/#article","name":"Un impulso a la competitividad econ\u00f3mica de Texas | Associated Republicans of Texas","headline":"Un impulso a la competitividad econ\u00f3mica de Texas","author":{"@id":"https:\/\/artexas.org\/es\/author\/graceconvergence\/#author"},"publisher":{"@id":"https:\/\/artexas.org\/es\/#organization"},"image":{"@type":"ImageObject","url":"https:\/\/artexas.org\/wp-content\/uploads\/2023\/06\/pasted-image-0-3-1.jpg","width":1365,"height":768},"datePublished":"2023-06-27T17:46:56+00:00","dateModified":"2023-06-30T21:00:14+00:00","inLanguage":"es-ES","mainEntityOfPage":{"@id":"https:\/\/artexas.org\/es\/un-impulso-a-la-competitividad-economica-de-texas\/#webpage"},"isPartOf":{"@id":"https:\/\/artexas.org\/es\/un-impulso-a-la-competitividad-economica-de-texas\/#webpage"},"articleSection":"Sin categorizar, Opcional"},{"@type":"BreadcrumbList","@id":"https:\/\/artexas.org\/es\/un-impulso-a-la-competitividad-economica-de-texas\/#breadcrumblist","itemListElement":[{"@type":"ListItem","@id":"https:\/\/artexas.org\/es\/#listItem","position":1,"name":"Home","item":"https:\/\/artexas.org\/es\/","nextItem":{"@type":"ListItem","@id":"https:\/\/artexas.org\/es\/noticias-de-art\/#listItem","name":"\u00daltima noticia de ART"}},{"@type":"ListItem","@id":"https:\/\/artexas.org\/es\/noticias-de-art\/#listItem","position":2,"name":"\u00daltima noticia de ART","previousItem":{"@type":"ListItem","@id":"https:\/\/artexas.org\/es\/#listItem","name":"Home"}}]},{"@type":"Organization","@id":"https:\/\/artexas.org\/es\/#organization","name":"Associated Republicans of Texas","url":"https:\/\/artexas.org\/es\/","logo":{"@type":"ImageObject","url":"https:\/\/artexas.org\/wp-content\/uploads\/2023\/03\/cropped-2019-ART-Logo-Horizontal-e1679516739835.png","@id":"https:\/\/artexas.org\/es\/un-impulso-a-la-competitividad-economica-de-texas\/#organizationLogo","width":109,"height":109},"image":{"@id":"https:\/\/artexas.org\/es\/un-impulso-a-la-competitividad-economica-de-texas\/#organizationLogo"},"sameAs":["https:\/\/www.facebook.com\/ARTexas","https:\/\/twitter.com\/ARTxPAC"]},{"@type":"Person","@id":"https:\/\/artexas.org\/es\/author\/graceconvergence\/#author","url":"https:\/\/artexas.org\/es\/author\/graceconvergence\/","name":"Grace"},{"@type":"WebPage","@id":"https:\/\/artexas.org\/es\/un-impulso-a-la-competitividad-economica-de-texas\/#webpage","url":"https:\/\/artexas.org\/es\/un-impulso-a-la-competitividad-economica-de-texas\/","name":"Un impulso a la competitividad econ\u00f3mica de Texas | Associated Republicans of Texas","inLanguage":"es-ES","isPartOf":{"@id":"https:\/\/artexas.org\/es\/#website"},"breadcrumb":{"@id":"https:\/\/artexas.org\/es\/un-impulso-a-la-competitividad-economica-de-texas\/#breadcrumblist"},"author":{"@id":"https:\/\/artexas.org\/es\/author\/graceconvergence\/#author"},"creator":{"@id":"https:\/\/artexas.org\/es\/author\/graceconvergence\/#author"},"image":{"@type":"ImageObject","url":"https:\/\/artexas.org\/wp-content\/uploads\/2023\/06\/pasted-image-0-3-1.jpg","@id":"https:\/\/artexas.org\/es\/un-impulso-a-la-competitividad-economica-de-texas\/#mainImage","width":1365,"height":768},"primaryImageOfPage":{"@id":"https:\/\/artexas.org\/es\/un-impulso-a-la-competitividad-economica-de-texas\/#mainImage"},"datePublished":"2023-06-27T17:46:56+00:00","dateModified":"2023-06-30T21:00:14+00:00"},{"@type":"WebSite","@id":"https:\/\/artexas.org\/es\/#website","url":"https:\/\/artexas.org\/es\/","name":"Associated Republicans of Texas","inLanguage":"es-ES","publisher":{"@id":"https:\/\/artexas.org\/es\/#organization"}}]},"og:locale":"es_ES","og:site_name":"Associated Republicans of Texas","og:type":"article","og:title":"Un impulso a la competitividad econ\u00f3mica de Texas | Associated Republicans of Texas","og:url":"https:\/\/artexas.org\/es\/un-impulso-a-la-competitividad-economica-de-texas\/","og:image":"https:\/\/artexas.org\/wp-content\/uploads\/2023\/05\/art.jpg","og:image:secure_url":"https:\/\/artexas.org\/wp-content\/uploads\/2023\/05\/art.jpg","og:image:width":1200,"og:image:height":675,"article:published_time":"2023-06-27T17:46:56+00:00","article:modified_time":"2023-06-30T21:00:14+00:00","article:publisher":"https:\/\/www.facebook.com\/ARTexas","twitter:card":"summary","twitter:site":"@ARTxPAC","twitter:title":"Un impulso a la competitividad econ\u00f3mica de Texas | Associated Republicans of Texas","twitter:creator":"@ARTxPAC","twitter:image":"https:\/\/artexas.org\/wp-content\/uploads\/2023\/05\/art.jpg"},"aioseo_meta_data":{"post_id":"1183","title":null,"description":null,"keywords":null,"keyphrases":null,"primary_term":null,"canonical_url":null,"og_title":null,"og_description":null,"og_object_type":"default","og_image_type":"default","og_image_url":null,"og_image_width":null,"og_image_height":null,"og_image_custom_url":null,"og_image_custom_fields":null,"og_video":null,"og_custom_url":null,"og_article_section":null,"og_article_tags":null,"twitter_use_og":false,"twitter_card":"default","twitter_image_type":"default","twitter_image_url":null,"twitter_image_custom_url":null,"twitter_image_custom_fields":null,"twitter_title":null,"twitter_description":null,"schema":{"blockGraphs":[],"customGraphs":[],"default":{"data":{"Article":[],"Course":[],"Dataset":[],"FAQPage":[],"Movie":[],"Person":[],"Product":[],"ProductReview":[],"Car":[],"Recipe":[],"Service":[],"SoftwareApplication":[],"WebPage":[]},"graphName":"","isEnabled":true},"graphs":[]},"schema_type":"default","schema_type_options":null,"pillar_content":false,"robots_default":true,"robots_noindex":false,"robots_noarchive":false,"robots_nosnippet":false,"robots_nofollow":false,"robots_noimageindex":false,"robots_noodp":false,"robots_notranslate":false,"robots_max_snippet":null,"robots_max_videopreview":null,"robots_max_imagepreview":"large","priority":null,"frequency":null,"location":null,"local_seo":null,"limit_modified_date":false,"created":"2023-05-19 23:09:49","updated":"2026-08-10 20:17:53","focus_keyword":null,"additional_keywords":null,"truseo_locale":null,"ai":null,"breadcrumb_settings":null,"seo_analyzer_scan_date":null},"aioseo_breadcrumb":"<div class=\"aioseo-breadcrumbs\"><span class=\"aioseo-breadcrumb\">\n\t\t\t<a href=\"https:\/\/artexas.org\/es\/\" title=\"Home\">Home<\/a>\n\t\t<\/span><span class=\"aioseo-breadcrumb-separator\">&raquo;<\/span><span class=\"aioseo-breadcrumb\">\n\t\t\t\u00daltima noticia de ART\n\t\t<\/span><\/div>","aioseo_breadcrumb_json":[{"label":"Home","link":"https:\/\/artexas.org\/es\/"},{"label":"\u00daltima noticia de ART","link":"https:\/\/artexas.org\/es\/noticias-de-art\/"}],"yoast_head":"<!-- This site is optimized with the Yoast SEO plugin v28.4 - https:\/\/yoast.com\/product\/yoast-seo-wordpress\/ -->\n<title>\u00daltima noticia de ART - Associated Republicans of Texas<\/title>\n<meta name=\"robots\" content=\"index, follow, max-snippet:-1, max-image-preview:large, max-video-preview:-1\" \/>\n<link rel=\"canonical\" href=\"https:\/\/artexas.org\/es\/noticias-de-art\/\" \/>\n<meta property=\"og:locale\" content=\"es_ES\" \/>\n<meta property=\"og:type\" content=\"article\" \/>\n<meta property=\"og:title\" content=\"\u00daltima noticia de ART - Associated Republicans of Texas\" \/>\n<meta property=\"og:description\" content=\"[vc_row full_width=\u00bbstretch_row\u00bb css=\u00bb.vc_custom_1589414002578{padding-top: 4rem !important;padding-bottom: 4rem !important;background-color: #ececed !important;}\u00bb][vc_column][\/vc_column][\/vc_row]\" \/>\n<meta property=\"og:url\" content=\"https:\/\/artexas.org\/es\/noticias-de-art\/\" \/>\n<meta property=\"og:site_name\" content=\"Associated Republicans of Texas\" \/>\n<meta property=\"article:modified_time\" content=\"2023-09-07T20:14:24+00:00\" \/>\n<meta name=\"twitter:card\" content=\"summary_large_image\" \/>\n<meta name=\"twitter:label1\" content=\"Tiempo de lectura\" \/>\n\t<meta name=\"twitter:data1\" content=\"1 minuto\" \/>\n<script type=\"application\/ld+json\" class=\"yoast-schema-graph\">{\"@context\":\"https:\\\/\\\/schema.org\",\"@graph\":[{\"@type\":\"WebPage\",\"@id\":\"https:\\\/\\\/artexas.org\\\/es\\\/noticias-de-art\\\/\",\"url\":\"https:\\\/\\\/artexas.org\\\/es\\\/noticias-de-art\\\/\",\"name\":\"\u00daltima noticia de ART - Associated Republicans of Texas\",\"isPartOf\":{\"@id\":\"https:\\\/\\\/artexas.org\\\/#website\"},\"datePublished\":\"2020-05-13T23:42:21+00:00\",\"dateModified\":\"2023-09-07T20:14:24+00:00\",\"breadcrumb\":{\"@id\":\"https:\\\/\\\/artexas.org\\\/es\\\/noticias-de-art\\\/#breadcrumb\"},\"inLanguage\":\"es\",\"potentialAction\":[{\"@type\":\"ReadAction\",\"target\":[\"https:\\\/\\\/artexas.org\\\/es\\\/noticias-de-art\\\/\"]}]},{\"@type\":\"BreadcrumbList\",\"@id\":\"https:\\\/\\\/artexas.org\\\/es\\\/noticias-de-art\\\/#breadcrumb\",\"itemListElement\":[{\"@type\":\"ListItem\",\"position\":1,\"name\":\"Home\",\"item\":\"https:\\\/\\\/artexas.org\\\/es\\\/\"},{\"@type\":\"ListItem\",\"position\":2,\"name\":\"\u00daltima noticia de ART\"}]},{\"@type\":\"WebSite\",\"@id\":\"https:\\\/\\\/artexas.org\\\/#website\",\"url\":\"https:\\\/\\\/artexas.org\\\/\",\"name\":\"Associated Republicans of Texas\",\"description\":\"\",\"publisher\":{\"@id\":\"https:\\\/\\\/artexas.org\\\/#organization\"},\"potentialAction\":[{\"@type\":\"SearchAction\",\"target\":{\"@type\":\"EntryPoint\",\"urlTemplate\":\"https:\\\/\\\/artexas.org\\\/?s={search_term_string}\"},\"query-input\":{\"@type\":\"PropertyValueSpecification\",\"valueRequired\":true,\"valueName\":\"search_term_string\"}}],\"inLanguage\":\"es\"},{\"@type\":\"Organization\",\"@id\":\"https:\\\/\\\/artexas.org\\\/#organization\",\"name\":\"Associated Republicans of Texas\",\"url\":\"https:\\\/\\\/artexas.org\\\/\",\"logo\":{\"@type\":\"ImageObject\",\"inLanguage\":\"es\",\"@id\":\"https:\\\/\\\/artexas.org\\\/#\\\/schema\\\/logo\\\/image\\\/\",\"url\":\"https:\\\/\\\/artexas.org\\\/wp-content\\\/uploads\\\/2023\\\/03\\\/cropped-2019-ART-Logo-Horizontal-e1679516739835.png\",\"contentUrl\":\"https:\\\/\\\/artexas.org\\\/wp-content\\\/uploads\\\/2023\\\/03\\\/cropped-2019-ART-Logo-Horizontal-e1679516739835.png\",\"width\":109,\"height\":109,\"caption\":\"Associated Republicans of Texas\"},\"image\":{\"@id\":\"https:\\\/\\\/artexas.org\\\/#\\\/schema\\\/logo\\\/image\\\/\"}}]}<\/script>\n<!-- \/ Yoast SEO plugin. -->","yoast_head_json":{"title":"\u00daltima noticia de ART - Associated Republicans of Texas","robots":{"index":"index","follow":"follow","max-snippet":"max-snippet:-1","max-image-preview":"max-image-preview:large","max-video-preview":"max-video-preview:-1"},"canonical":"https:\/\/artexas.org\/es\/noticias-de-art\/","og_locale":"es_ES","og_type":"article","og_title":"\u00daltima noticia de ART - Associated Republicans of Texas","og_description":"[vc_row full_width=\u00bbstretch_row\u00bb css=\u00bb.vc_custom_1589414002578{padding-top: 4rem !important;padding-bottom: 4rem !important;background-color: #ececed !important;}\u00bb][vc_column][\/vc_column][\/vc_row]","og_url":"https:\/\/artexas.org\/es\/noticias-de-art\/","og_site_name":"Associated Republicans of Texas","article_modified_time":"2023-09-07T20:14:24+00:00","twitter_card":"summary_large_image","twitter_misc":{"Tiempo de lectura":"1 minuto"},"schema":{"@context":"https:\/\/schema.org","@graph":[{"@type":"WebPage","@id":"https:\/\/artexas.org\/es\/noticias-de-art\/","url":"https:\/\/artexas.org\/es\/noticias-de-art\/","name":"\u00daltima noticia de ART - Associated Republicans of Texas","isPartOf":{"@id":"https:\/\/artexas.org\/#website"},"datePublished":"2020-05-13T23:42:21+00:00","dateModified":"2023-09-07T20:14:24+00:00","breadcrumb":{"@id":"https:\/\/artexas.org\/es\/noticias-de-art\/#breadcrumb"},"inLanguage":"es","potentialAction":[{"@type":"ReadAction","target":["https:\/\/artexas.org\/es\/noticias-de-art\/"]}]},{"@type":"BreadcrumbList","@id":"https:\/\/artexas.org\/es\/noticias-de-art\/#breadcrumb","itemListElement":[{"@type":"ListItem","position":1,"name":"Home","item":"https:\/\/artexas.org\/es\/"},{"@type":"ListItem","position":2,"name":"\u00daltima noticia de ART"}]},{"@type":"WebSite","@id":"https:\/\/artexas.org\/#website","url":"https:\/\/artexas.org\/","name":"Associated Republicans of Texas","description":"","publisher":{"@id":"https:\/\/artexas.org\/#organization"},"potentialAction":[{"@type":"SearchAction","target":{"@type":"EntryPoint","urlTemplate":"https:\/\/artexas.org\/?s={search_term_string}"},"query-input":{"@type":"PropertyValueSpecification","valueRequired":true,"valueName":"search_term_string"}}],"inLanguage":"es"},{"@type":"Organization","@id":"https:\/\/artexas.org\/#organization","name":"Associated Republicans of Texas","url":"https:\/\/artexas.org\/","logo":{"@type":"ImageObject","inLanguage":"es","@id":"https:\/\/artexas.org\/#\/schema\/logo\/image\/","url":"https:\/\/artexas.org\/wp-content\/uploads\/2023\/03\/cropped-2019-ART-Logo-Horizontal-e1679516739835.png","contentUrl":"https:\/\/artexas.org\/wp-content\/uploads\/2023\/03\/cropped-2019-ART-Logo-Horizontal-e1679516739835.png","width":109,"height":109,"caption":"Associated Republicans of Texas"},"image":{"@id":"https:\/\/artexas.org\/#\/schema\/logo\/image\/"}}]}},"_links":{"self":[{"href":"https:\/\/artexas.org\/es\/wp-json\/wp\/v2\/pages\/1183","targetHints":{"allow":["GET"]}}],"collection":[{"href":"https:\/\/artexas.org\/es\/wp-json\/wp\/v2\/pages"}],"about":[{"href":"https:\/\/artexas.org\/es\/wp-json\/wp\/v2\/types\/page"}],"author":[{"embeddable":true,"href":"https:\/\/artexas.org\/es\/wp-json\/wp\/v2\/users\/1"}],"replies":[{"embeddable":true,"href":"https:\/\/artexas.org\/es\/wp-json\/wp\/v2\/comments?post=1183"}],"version-history":[{"count":0,"href":"https:\/\/artexas.org\/es\/wp-json\/wp\/v2\/pages\/1183\/revisions"}],"wp:attachment":[{"href":"https:\/\/artexas.org\/es\/wp-json\/wp\/v2\/media?parent=1183"}],"curies":[{"name":"wp","href":"https:\/\/api.w.org\/{rel}","templated":true}]}}